{"id":3216,"date":"2026-04-23T10:39:58","date_gmt":"2026-04-23T10:39:58","guid":{"rendered":"https:\/\/auto-deutchland.com\/?post_type=pixcar&#038;p=3216"},"modified":"2026-04-24T10:13:40","modified_gmt":"2026-04-24T10:13:40","slug":"bmw-serie-1-116d-2-0-116-ch-full-m-sport-shadow-line","status":"publish","type":"pixcar","link":"https:\/\/auto-deutchland.com\/fr\/cars\/bmw-serie-1-116d-2-0-116-ch-full-m-sport-shadow-line\/","title":{"rendered":"BMW S\u00e9rie 1 \u2013 116d 2.0 116 ch Full M-Sport \/ Shadow Line"},"content":{"rendered":"\r\n<p>La <strong>BMW S\u00e9rie 1 116d (F20)<\/strong> est une compacte premium reconnue pour sa fiabilit\u00e9, son dynamisme et son plaisir de conduite unique gr\u00e2ce \u00e0 sa propulsion arri\u00e8re.<\/p>\r\n\r\n\r\n\r\n<p>Dans cette version <strong>Full M-Sport avec finition Shadow Line<\/strong>, elle affiche un look sportif et \u00e9l\u00e9gant : pack a\u00e9rodynamique M, volant sport, si\u00e8ges sport et d\u00e9tails noirs brillants qui renforcent son caract\u00e8re.<\/p>\r\n\r\n\r\n\r\n<p>Son moteur diesel 2.0 de 116 ch est r\u00e9put\u00e9 pour sa robustesse et sa faible consommation, id\u00e9al pour les longs trajets comme pour une utilisation quotidienne \u00e9conomique. Malgr\u00e9 son kilom\u00e9trage, ce mod\u00e8le reste une valeur s\u00fbre avec un excellent rapport qualit\u00e9\/prix.<\/p>\r\n\r\n\r\n\r\n<p>Tr\u00e8s bien \u00e9quip\u00e9e (si\u00e8ges chauffants, x\u00e9non, r\u00e9gulateur avec freinage, capteurs de stationnement\u2026), elle offre confort, s\u00e9curit\u00e9 et technologie \u00e0 bord.<\/p>\r\n","protected":false},"excerpt":{"rendered":"<p>La BMW S\u00e9rie 1 116d (F20) est une compacte premium reconnue pour sa fiabilit\u00e9, son dynamisme et son plaisir de conduite unique gr\u00e2ce \u00e0 sa propulsion arri\u00e8re. Dans cette version Full M-Sport avec finition Shadow Line, elle affiche un look sportif et \u00e9l\u00e9gant : pack a\u00e9rodynamique M, volant sport, si\u00e8ges sport et d\u00e9tails noirs brillants [&hellip;]<\/p>\n","protected":false},"featured_media":3217,"menu_order":0,"comment_status":"open","ping_status":"closed","template":"","class_list":["post-3216","pixcar","type-pixcar","status-publish","has-post-thumbnail","hentry","pixcar-make-bmw","pixcar-body-suv","pixcar-feature-bluetooth","pixcar-feature-auxiliary-heating","pixcar-feature-automatic-air-conditioning","pixcar-feature-electric-windows","pixcar-feature-hands-free-kit","pixcar-feature-on-board-computer","pixcar-feature-heated-windshield","pixcar-feature-led-headlights","pixcar-feature-power-assisted-steering","pixcar-feature-rain-sensor","pixcar-feature-fold-flat-passenger-seat","pixcar-feature-leather","pixcar-feature-ski-bag","pixcar-feature-sports-package","pixcar-feature-start-stop-system","pixcar-feature-navigation-system","pixcar-feature-central-locking"],"_links":{"self":[{"href":"https:\/\/auto-deutchland.com\/fr\/wp-json\/wp\/v2\/pixcar\/3216","targetHints":{"allow":["GET"]}}],"collection":[{"href":"https:\/\/auto-deutchland.com\/fr\/wp-json\/wp\/v2\/pixcar"}],"about":[{"href":"https:\/\/auto-deutchland.com\/fr\/wp-json\/wp\/v2\/types\/pixcar"}],"replies":[{"embeddable":true,"href":"https:\/\/auto-deutchland.com\/fr\/wp-json\/wp\/v2\/comments?post=3216"}],"wp:featuredmedia":[{"embeddable":true,"href":"https:\/\/auto-deutchland.com\/fr\/wp-json\/wp\/v2\/media\/3217"}],"wp:attachment":[{"href":"https:\/\/auto-deutchland.com\/fr\/wp-json\/wp\/v2\/media?parent=3216"}],"curies":[{"name":"wp","href":"https:\/\/api.w.org\/{rel}","templated":true}]}}