{"id":2805,"date":"2021-02-04T11:53:45","date_gmt":"2021-02-04T11:53:45","guid":{"rendered":"https:\/\/quattro.true-emotions.studio\/cars\/bmw-electric-coupe-model-i4-copy\/"},"modified":"2026-04-21T18:41:57","modified_gmt":"2026-04-21T18:41:57","slug":"bmw-serie-1-128tia-265-ch","status":"publish","type":"pixcar","link":"https:\/\/auto-deutchland.com\/de\/cars\/bmw-serie-1-128tia-265-ch\/","title":{"rendered":"BMW S\u00e9rie 1 128tiA 265 ch"},"content":{"rendered":"<p data-start=\"115\" data-end=\"422\">La <strong data-start=\"118\" data-end=\"159\"><span class=\"hover:entity-accent entity-underline inline cursor-pointer align-baseline\"><span class=\"whitespace-normal\">BMW S\u00e9rie 1 128ti (F40)<\/span><\/span><\/strong> est une compacte sportive qui combine \u00e9l\u00e9gance, performance et technologies modernes. Avec son moteur puissant de 265 chevaux et sa finition haut de gamme <strong data-start=\"315\" data-end=\"329\">Shadowline<\/strong>, elle offre une exp\u00e9rience de conduite dynamique tout en restant confortable au quotidien.<\/p>\n<p data-start=\"424\" data-end=\"674\">Son design ext\u00e9rieur en <strong data-start=\"448\" data-end=\"463\">Noir Saphir<\/strong> associ\u00e9 aux \u00e9l\u00e9ments M Sport (aileron arri\u00e8re, jantes 19&Prime;, d\u00e9tails sportifs) lui conf\u00e8re une allure agressive et raffin\u00e9e. \u00c0 l\u2019int\u00e9rieur, le cuir Dakota noir et les si\u00e8ges M Sport assurent un confort premium.<\/p>\n<p data-start=\"676\" data-end=\"902\">C\u00f4t\u00e9 \u00e9quipements, elle est tr\u00e8s bien dot\u00e9e : Apple CarPlay, Android Auto, navigation GPS, cam\u00e9ra de recul, radars avant\/arri\u00e8re, phares adaptatifs, \u00e9clairage d\u2019ambiance\u2026 tout est pens\u00e9 pour une conduite moderne et s\u00e9curis\u00e9e.<\/p>","protected":false},"excerpt":{"rendered":"<p>La BMW S\u00e9rie 1 128ti (F40) est une compacte sportive qui combine \u00e9l\u00e9gance, performance et technologies modernes. Avec son moteur puissant de 265 chevaux et sa finition haut de gamme Shadowline, elle offre une exp\u00e9rience de conduite dynamique tout en restant confortable au quotidien. Son design ext\u00e9rieur en Noir Saphir associ\u00e9 aux \u00e9l\u00e9ments M Sport [&hellip;]<\/p>\n","protected":false},"featured_media":3204,"menu_order":0,"comment_status":"open","ping_status":"closed","template":"","class_list":["post-2805","pixcar","type-pixcar","status-publish","has-post-thumbnail","hentry","pixcar-cat-coupe","pixcar-cat-voiture-de-sport","pixcar-make-bmw","pixcar-body-coupe","pixcar-body-suv","pixcar-feature-head-up-display","pixcar-feature-on-board-computer","pixcar-feature-laser-headlights","pixcar-feature-leather","pixcar-feature-ski-bag","pixcar-feature-alarm-system","pixcar-feature-navigation-system","pixcar-feature-xenon-headlights"],"_links":{"self":[{"href":"https:\/\/auto-deutchland.com\/de\/wp-json\/wp\/v2\/pixcar\/2805","targetHints":{"allow":["GET"]}}],"collection":[{"href":"https:\/\/auto-deutchland.com\/de\/wp-json\/wp\/v2\/pixcar"}],"about":[{"href":"https:\/\/auto-deutchland.com\/de\/wp-json\/wp\/v2\/types\/pixcar"}],"replies":[{"embeddable":true,"href":"https:\/\/auto-deutchland.com\/de\/wp-json\/wp\/v2\/comments?post=2805"}],"wp:featuredmedia":[{"embeddable":true,"href":"https:\/\/auto-deutchland.com\/de\/wp-json\/wp\/v2\/media\/3204"}],"wp:attachment":[{"href":"https:\/\/auto-deutchland.com\/de\/wp-json\/wp\/v2\/media?parent=2805"}],"curies":[{"name":"wp","href":"https:\/\/api.w.org\/{rel}","templated":true}]}}